{"id":32887,"date":"2023-09-21T17:17:37","date_gmt":"2023-09-21T23:17:37","guid":{"rendered":"https:\/\/portalnetsites.com\/bmwEcommerceWP\/?post_type=product&#038;p=32887"},"modified":"2024-08-15T02:08:23","modified_gmt":"2024-08-15T08:08:23","slug":"rack-techo-mini-f55","status":"publish","type":"product","link":"https:\/\/portalnetsites.com\/bmwEcommerceWP\/carrito\/redmotors\/accesorios-redmotors\/rack-techo-mini-f55\/","title":{"rendered":"RACK TECHO MINI F55"},"content":{"rendered":"<p><span data-sheets-value=\"{&quot;1&quot;:2,&quot;2&quot;:&quot;Este sistema MINI de f\u00e1brica es para agregar el sistema de soporte de barras de barras de techo al sistema de rieles de f\u00e1brica que corre de adelante hacia atr\u00e1s en el lado del pasajero y el conductor.rnViene con dos rieles de soporte principales y bases de montaje a punto de soportar hasta 165 libras. Tambi\u00e9n viene con kits de instalaci\u00f3n y documentaci\u00f3n informativa.rnLlaves con cerraduras incluidas.rnIndica MINI en los lados cerca de las cerraduras.rnIdeal para usar en combinaciones para otros complementos de portaequipajes&quot;}\" data-sheets-userformat=\"{&quot;2&quot;:10877,&quot;3&quot;:{&quot;1&quot;:0},&quot;5&quot;:{&quot;1&quot;:[{&quot;1&quot;:2,&quot;2&quot;:0,&quot;5&quot;:{&quot;1&quot;:2,&quot;2&quot;:0}},{&quot;1&quot;:0,&quot;2&quot;:0,&quot;3&quot;:3},{&quot;1&quot;:1,&quot;2&quot;:0,&quot;4&quot;:1}]},&quot;6&quot;:{&quot;1&quot;:[{&quot;1&quot;:2,&quot;2&quot;:0,&quot;5&quot;:{&quot;1&quot;:2,&quot;2&quot;:0}},{&quot;1&quot;:0,&quot;2&quot;:0,&quot;3&quot;:3},{&quot;1&quot;:1,&quot;2&quot;:0,&quot;4&quot;:1}]},&quot;7&quot;:{&quot;1&quot;:[{&quot;1&quot;:2,&quot;2&quot;:0,&quot;5&quot;:{&quot;1&quot;:2,&quot;2&quot;:0}},{&quot;1&quot;:0,&quot;2&quot;:0,&quot;3&quot;:3},{&quot;1&quot;:1,&quot;2&quot;:0,&quot;4&quot;:1}]},&quot;8&quot;:{&quot;1&quot;:[{&quot;1&quot;:2,&quot;2&quot;:0,&quot;5&quot;:{&quot;1&quot;:2,&quot;2&quot;:0}},{&quot;1&quot;:0,&quot;2&quot;:0,&quot;3&quot;:3},{&quot;1&quot;:1,&quot;2&quot;:0,&quot;4&quot;:1}]},&quot;9&quot;:0,&quot;12&quot;:0,&quot;14&quot;:{&quot;1&quot;:2,&quot;2&quot;:0},&quot;16&quot;:11}\">Este sistema MINI de f\u00e1brica es para agregar el sistema de soporte de barras de barras de techo al sistema de rieles de f\u00e1brica que corre de adelante hacia atr\u00e1s en el lado del pasajero y el conductor.<br \/>\nViene con dos rieles de soporte principales y bases de montaje a punto de soportar hasta 165 libras. Tambi\u00e9n viene con kits de instalaci\u00f3n y documentaci\u00f3n informativa.<br \/>\nLlaves con cerraduras incluidas.<br \/>\nIndica MINI en los lados cerca de las cerraduras.<br \/>\nIdeal para usar en combinaciones para otros complementos de portaequipajes<\/span><\/p>\n","protected":false},"excerpt":{"rendered":"<p>Las im\u00e1genes son con fines ilustrativos<\/p>\n","protected":false},"featured_media":32896,"comment_status":"open","ping_status":"closed","template":"","meta":[],"product_brand":[],"product_cat":[507,524,513,511,495],"product_tag":[556,741],"class_list":{"0":"post-32887","1":"product","2":"type-product","3":"status-publish","4":"has-post-thumbnail","6":"product_cat-accesorios-redmotors","7":"product_cat-accesorios","8":"product_cat-accesorios-mini","9":"product_cat-mini","10":"product_cat-redmotors","11":"product_tag-sistemas-de-racks-y-transporte","12":"product_tag-sistemas-de-racks-y-transporte-mini","14":"first","15":"instock","16":"taxable","17":"shipping-taxable","18":"purchasable","19":"product-type-simple"},"yoast_head":"<!-- This site is optimized with the Yoast SEO Premium plugin v22.9 (Yoast SEO v23.3) - https:\/\/yoast.com\/wordpress\/plugins\/seo\/ -->\n<title>RACK TECHO MINI F55 - Red Motors Shop<\/title>\n<meta name=\"robots\" content=\"index, follow, max-snippet:-1, max-image-preview:large, max-video-preview:-1\" \/>\n<link rel=\"canonical\" href=\"https:\/\/portalnetsites.com\/bmwEcommerceWP\/carrito\/mini\/accesorios-mini\/rack-techo-mini-f55\/\" \/>\n<meta property=\"og:locale\" content=\"es_ES\" \/>\n<meta property=\"og:type\" content=\"article\" \/>\n<meta property=\"og:title\" content=\"RACK TECHO MINI F55\" \/>\n<meta property=\"og:description\" content=\"Las im\u00e1genes son con fines ilustrativos\" \/>\n<meta property=\"og:url\" content=\"https:\/\/portalnetsites.com\/bmwEcommerceWP\/carrito\/mini\/accesorios-mini\/rack-techo-mini-f55\/\" \/>\n<meta property=\"og:site_name\" content=\"Red Motors Shop\" \/>\n<meta property=\"article:modified_time\" content=\"2024-08-15T08:08:23+00:00\" \/>\n<meta property=\"og:image\" content=\"https:\/\/portalnetsites.com\/bmwEcommerceWP\/wp-content\/uploads\/2023\/09\/82712327919-1.webp\" \/>\n\t<meta property=\"og:image:width\" content=\"600\" \/>\n\t<meta property=\"og:image:height\" content=\"600\" \/>\n\t<meta property=\"og:image:type\" content=\"image\/webp\" \/>\n<meta name=\"twitter:card\" content=\"summary_large_image\" \/>\n<script type=\"application\/ld+json\" class=\"yoast-schema-graph\">{\"@context\":\"https:\/\/schema.org\",\"@graph\":[{\"@type\":\"WebPage\",\"@id\":\"https:\/\/portalnetsites.com\/bmwEcommerceWP\/carrito\/mini\/accesorios-mini\/rack-techo-mini-f55\/\",\"url\":\"https:\/\/portalnetsites.com\/bmwEcommerceWP\/carrito\/mini\/accesorios-mini\/rack-techo-mini-f55\/\",\"name\":\"RACK TECHO MINI F55 - Red Motors Shop\",\"isPartOf\":{\"@id\":\"https:\/\/portalnetsites.com\/bmwEcommerceWP\/#website\"},\"primaryImageOfPage\":{\"@id\":\"https:\/\/portalnetsites.com\/bmwEcommerceWP\/carrito\/mini\/accesorios-mini\/rack-techo-mini-f55\/#primaryimage\"},\"image\":{\"@id\":\"https:\/\/portalnetsites.com\/bmwEcommerceWP\/carrito\/mini\/accesorios-mini\/rack-techo-mini-f55\/#primaryimage\"},\"thumbnailUrl\":\"https:\/\/portalnetsites.com\/bmwEcommerceWP\/wp-content\/uploads\/2023\/09\/82712327919-1.webp\",\"datePublished\":\"2023-09-21T23:17:37+00:00\",\"dateModified\":\"2024-08-15T08:08:23+00:00\",\"breadcrumb\":{\"@id\":\"https:\/\/portalnetsites.com\/bmwEcommerceWP\/carrito\/mini\/accesorios-mini\/rack-techo-mini-f55\/#breadcrumb\"},\"inLanguage\":\"es-CR\",\"potentialAction\":[{\"@type\":\"ReadAction\",\"target\":[\"https:\/\/portalnetsites.com\/bmwEcommerceWP\/carrito\/mini\/accesorios-mini\/rack-techo-mini-f55\/\"]}]},{\"@type\":\"ImageObject\",\"inLanguage\":\"es-CR\",\"@id\":\"https:\/\/portalnetsites.com\/bmwEcommerceWP\/carrito\/mini\/accesorios-mini\/rack-techo-mini-f55\/#primaryimage\",\"url\":\"https:\/\/portalnetsites.com\/bmwEcommerceWP\/wp-content\/uploads\/2023\/09\/82712327919-1.webp\",\"contentUrl\":\"https:\/\/portalnetsites.com\/bmwEcommerceWP\/wp-content\/uploads\/2023\/09\/82712327919-1.webp\",\"width\":600,\"height\":600},{\"@type\":\"BreadcrumbList\",\"@id\":\"https:\/\/portalnetsites.com\/bmwEcommerceWP\/carrito\/mini\/accesorios-mini\/rack-techo-mini-f55\/#breadcrumb\",\"itemListElement\":[{\"@type\":\"ListItem\",\"position\":1,\"name\":\"Portada\",\"item\":\"https:\/\/portalnetsites.com\/bmwEcommerceWP\/\"},{\"@type\":\"ListItem\",\"position\":2,\"name\":\"Todos los Productos\",\"item\":\"https:\/\/portalnetsites.com\/bmwEcommerceWP\/todos-los-productos\/\"},{\"@type\":\"ListItem\",\"position\":3,\"name\":\"RACK TECHO MINI F55\"}]},{\"@type\":\"WebSite\",\"@id\":\"https:\/\/portalnetsites.com\/bmwEcommerceWP\/#website\",\"url\":\"https:\/\/portalnetsites.com\/bmwEcommerceWP\/\",\"name\":\"Shop Red Motors\",\"description\":\"Costa Rica\",\"publisher\":{\"@id\":\"https:\/\/portalnetsites.com\/bmwEcommerceWP\/#organization\"},\"potentialAction\":[{\"@type\":\"SearchAction\",\"target\":{\"@type\":\"EntryPoint\",\"urlTemplate\":\"https:\/\/portalnetsites.com\/bmwEcommerceWP\/?s={search_term_string}\"},\"query-input\":\"required name=search_term_string\"}],\"inLanguage\":\"es-CR\"},{\"@type\":\"Organization\",\"@id\":\"https:\/\/portalnetsites.com\/bmwEcommerceWP\/#organization\",\"name\":\"Red Motors\",\"url\":\"https:\/\/portalnetsites.com\/bmwEcommerceWP\/\",\"logo\":{\"@type\":\"ImageObject\",\"inLanguage\":\"es-CR\",\"@id\":\"https:\/\/portalnetsites.com\/bmwEcommerceWP\/#\/schema\/logo\/image\/\",\"url\":\"https:\/\/portalnetsites.com\/bmwEcommerceWP\/wp-content\/uploads\/2023\/09\/L-RedMotors.png\",\"contentUrl\":\"https:\/\/portalnetsites.com\/bmwEcommerceWP\/wp-content\/uploads\/2023\/09\/L-RedMotors.png\",\"width\":200,\"height\":48,\"caption\":\"Red Motors\"},\"image\":{\"@id\":\"https:\/\/portalnetsites.com\/bmwEcommerceWP\/#\/schema\/logo\/image\/\"}}]}<\/script>\n<!-- \/ Yoast SEO Premium plugin. -->","yoast_head_json":{"title":"RACK TECHO MINI F55 - Red Motors Shop","robots":{"index":"index","follow":"follow","max-snippet":"max-snippet:-1","max-image-preview":"max-image-preview:large","max-video-preview":"max-video-preview:-1"},"canonical":"https:\/\/portalnetsites.com\/bmwEcommerceWP\/carrito\/mini\/accesorios-mini\/rack-techo-mini-f55\/","og_locale":"es_ES","og_type":"article","og_title":"RACK TECHO MINI F55","og_description":"Las im\u00e1genes son con fines ilustrativos","og_url":"https:\/\/portalnetsites.com\/bmwEcommerceWP\/carrito\/mini\/accesorios-mini\/rack-techo-mini-f55\/","og_site_name":"Red Motors Shop","article_modified_time":"2024-08-15T08:08:23+00:00","og_image":[{"width":600,"height":600,"url":"https:\/\/portalnetsites.com\/bmwEcommerceWP\/wp-content\/uploads\/2023\/09\/82712327919-1.webp","type":"image\/webp"}],"twitter_card":"summary_large_image","schema":{"@context":"https:\/\/schema.org","@graph":[{"@type":"WebPage","@id":"https:\/\/portalnetsites.com\/bmwEcommerceWP\/carrito\/mini\/accesorios-mini\/rack-techo-mini-f55\/","url":"https:\/\/portalnetsites.com\/bmwEcommerceWP\/carrito\/mini\/accesorios-mini\/rack-techo-mini-f55\/","name":"RACK TECHO MINI F55 - Red Motors Shop","isPartOf":{"@id":"https:\/\/portalnetsites.com\/bmwEcommerceWP\/#website"},"primaryImageOfPage":{"@id":"https:\/\/portalnetsites.com\/bmwEcommerceWP\/carrito\/mini\/accesorios-mini\/rack-techo-mini-f55\/#primaryimage"},"image":{"@id":"https:\/\/portalnetsites.com\/bmwEcommerceWP\/carrito\/mini\/accesorios-mini\/rack-techo-mini-f55\/#primaryimage"},"thumbnailUrl":"https:\/\/portalnetsites.com\/bmwEcommerceWP\/wp-content\/uploads\/2023\/09\/82712327919-1.webp","datePublished":"2023-09-21T23:17:37+00:00","dateModified":"2024-08-15T08:08:23+00:00","breadcrumb":{"@id":"https:\/\/portalnetsites.com\/bmwEcommerceWP\/carrito\/mini\/accesorios-mini\/rack-techo-mini-f55\/#breadcrumb"},"inLanguage":"es-CR","potentialAction":[{"@type":"ReadAction","target":["https:\/\/portalnetsites.com\/bmwEcommerceWP\/carrito\/mini\/accesorios-mini\/rack-techo-mini-f55\/"]}]},{"@type":"ImageObject","inLanguage":"es-CR","@id":"https:\/\/portalnetsites.com\/bmwEcommerceWP\/carrito\/mini\/accesorios-mini\/rack-techo-mini-f55\/#primaryimage","url":"https:\/\/portalnetsites.com\/bmwEcommerceWP\/wp-content\/uploads\/2023\/09\/82712327919-1.webp","contentUrl":"https:\/\/portalnetsites.com\/bmwEcommerceWP\/wp-content\/uploads\/2023\/09\/82712327919-1.webp","width":600,"height":600},{"@type":"BreadcrumbList","@id":"https:\/\/portalnetsites.com\/bmwEcommerceWP\/carrito\/mini\/accesorios-mini\/rack-techo-mini-f55\/#breadcrumb","itemListElement":[{"@type":"ListItem","position":1,"name":"Portada","item":"https:\/\/portalnetsites.com\/bmwEcommerceWP\/"},{"@type":"ListItem","position":2,"name":"Todos los Productos","item":"https:\/\/portalnetsites.com\/bmwEcommerceWP\/todos-los-productos\/"},{"@type":"ListItem","position":3,"name":"RACK TECHO MINI F55"}]},{"@type":"WebSite","@id":"https:\/\/portalnetsites.com\/bmwEcommerceWP\/#website","url":"https:\/\/portalnetsites.com\/bmwEcommerceWP\/","name":"Shop Red Motors","description":"Costa Rica","publisher":{"@id":"https:\/\/portalnetsites.com\/bmwEcommerceWP\/#organization"},"potentialAction":[{"@type":"SearchAction","target":{"@type":"EntryPoint","urlTemplate":"https:\/\/portalnetsites.com\/bmwEcommerceWP\/?s={search_term_string}"},"query-input":"required name=search_term_string"}],"inLanguage":"es-CR"},{"@type":"Organization","@id":"https:\/\/portalnetsites.com\/bmwEcommerceWP\/#organization","name":"Red Motors","url":"https:\/\/portalnetsites.com\/bmwEcommerceWP\/","logo":{"@type":"ImageObject","inLanguage":"es-CR","@id":"https:\/\/portalnetsites.com\/bmwEcommerceWP\/#\/schema\/logo\/image\/","url":"https:\/\/portalnetsites.com\/bmwEcommerceWP\/wp-content\/uploads\/2023\/09\/L-RedMotors.png","contentUrl":"https:\/\/portalnetsites.com\/bmwEcommerceWP\/wp-content\/uploads\/2023\/09\/L-RedMotors.png","width":200,"height":48,"caption":"Red Motors"},"image":{"@id":"https:\/\/portalnetsites.com\/bmwEcommerceWP\/#\/schema\/logo\/image\/"}}]}},"_links":{"self":[{"href":"https:\/\/portalnetsites.com\/bmwEcommerceWP\/wp-json\/wp\/v2\/product\/32887","targetHints":{"allow":["GET"]}}],"collection":[{"href":"https:\/\/portalnetsites.com\/bmwEcommerceWP\/wp-json\/wp\/v2\/product"}],"about":[{"href":"https:\/\/portalnetsites.com\/bmwEcommerceWP\/wp-json\/wp\/v2\/types\/product"}],"replies":[{"embeddable":true,"href":"https:\/\/portalnetsites.com\/bmwEcommerceWP\/wp-json\/wp\/v2\/comments?post=32887"}],"wp:featuredmedia":[{"embeddable":true,"href":"https:\/\/portalnetsites.com\/bmwEcommerceWP\/wp-json\/wp\/v2\/media\/32896"}],"wp:attachment":[{"href":"https:\/\/portalnetsites.com\/bmwEcommerceWP\/wp-json\/wp\/v2\/media?parent=32887"}],"wp:term":[{"taxonomy":"product_brand","embeddable":true,"href":"https:\/\/portalnetsites.com\/bmwEcommerceWP\/wp-json\/wp\/v2\/product_brand?post=32887"},{"taxonomy":"product_cat","embeddable":true,"href":"https:\/\/portalnetsites.com\/bmwEcommerceWP\/wp-json\/wp\/v2\/product_cat?post=32887"},{"taxonomy":"product_tag","embeddable":true,"href":"https:\/\/portalnetsites.com\/bmwEcommerceWP\/wp-json\/wp\/v2\/product_tag?post=32887"}],"curies":[{"name":"wp","href":"https:\/\/api.w.org\/{rel}","templated":true}]}}