{"id":32968,"date":"2023-09-21T20:19:05","date_gmt":"2023-09-22T02:19:05","guid":{"rendered":"https:\/\/portalnetsites.com\/bmwEcommerceWP\/?post_type=product&#038;p=32968"},"modified":"2024-08-28T09:18:11","modified_gmt":"2024-08-28T15:18:11","slug":"mini-umbrella-foldable-graphic","status":"publish","type":"product","link":"https:\/\/portalnetsites.com\/bmwEcommerceWP\/carrito\/redmotors\/lifestyle-redmotors\/mini-umbrella-foldable-graphic\/","title":{"rendered":"MINI UMBRELLA FOLDABLE GRAPHIC"},"content":{"rendered":"<p><span data-sheets-value=\"{&quot;1&quot;:2,&quot;2&quot;:&quot;Con este paraguas de bolsillo MINI te ves bien, te mantienes seco y te ves. Abrir y cerrar el paraguas se hace f\u00e1cilmente con solo tocar un bot\u00f3n. El patr\u00f3n gr\u00e1fico \u00fanico y colorido con MINI Wordmark Circle garantiza que se le ver\u00e1 incluso en d\u00edas grises y lluviosos. El atractivo del mango personalizado: el logotipo de MINI Wing en relieve. Gracias a la funda protectora, puede transportar y almacenar su paraguas seco y limpio.&quot;}\" data-sheets-userformat=\"{&quot;2&quot;:10877,&quot;3&quot;:{&quot;1&quot;:0},&quot;5&quot;:{&quot;1&quot;:[{&quot;1&quot;:2,&quot;2&quot;:0,&quot;5&quot;:{&quot;1&quot;:2,&quot;2&quot;:0}},{&quot;1&quot;:0,&quot;2&quot;:0,&quot;3&quot;:3},{&quot;1&quot;:1,&quot;2&quot;:0,&quot;4&quot;:1}]},&quot;6&quot;:{&quot;1&quot;:[{&quot;1&quot;:2,&quot;2&quot;:0,&quot;5&quot;:{&quot;1&quot;:2,&quot;2&quot;:0}},{&quot;1&quot;:0,&quot;2&quot;:0,&quot;3&quot;:3},{&quot;1&quot;:1,&quot;2&quot;:0,&quot;4&quot;:1}]},&quot;7&quot;:{&quot;1&quot;:[{&quot;1&quot;:2,&quot;2&quot;:0,&quot;5&quot;:{&quot;1&quot;:2,&quot;2&quot;:0}},{&quot;1&quot;:0,&quot;2&quot;:0,&quot;3&quot;:3},{&quot;1&quot;:1,&quot;2&quot;:0,&quot;4&quot;:1}]},&quot;8&quot;:{&quot;1&quot;:[{&quot;1&quot;:2,&quot;2&quot;:0,&quot;5&quot;:{&quot;1&quot;:2,&quot;2&quot;:0}},{&quot;1&quot;:0,&quot;2&quot;:0,&quot;3&quot;:3},{&quot;1&quot;:1,&quot;2&quot;:0,&quot;4&quot;:1}]},&quot;9&quot;:0,&quot;12&quot;:0,&quot;14&quot;:{&quot;1&quot;:2,&quot;2&quot;:0},&quot;16&quot;:11}\">Con este paraguas de bolsillo MINI te ves bien, te mantienes seco y te ves. Abrir y cerrar el paraguas se hace f\u00e1cilmente con solo tocar un bot\u00f3n. El patr\u00f3n gr\u00e1fico \u00fanico y colorido con MINI Wordmark Circle garantiza que se le ver\u00e1 incluso en d\u00edas grises y lluviosos. El atractivo del mango personalizado: el logotipo de MINI Wing en relieve. Gracias a la funda protectora, puede transportar y almacenar su paraguas seco y limpio.<\/span><\/p>\n","protected":false},"excerpt":{"rendered":"<p>Las im\u00e1genes son con fines ilustrativos<\/p>\n","protected":false},"featured_media":33025,"comment_status":"open","ping_status":"closed","template":"","meta":[],"product_brand":[],"product_cat":[503,523,512,511,620,1134,1136,1138,495],"product_tag":[539,754],"class_list":{"0":"post-32968","1":"product","2":"type-product","3":"status-publish","4":"has-post-thumbnail","6":"product_cat-lifestyle-redmotors","7":"product_cat-lifestyle","8":"product_cat-lifestyle-mini","9":"product_cat-mini","10":"product_cat-ofertas","11":"product_cat-ofertas-temporada","12":"product_cat-ofertas-temporada-mini","13":"product_cat-ofertas-mini","14":"product_cat-redmotors","15":"product_tag-paraguas","16":"product_tag-paraguas-mini","18":"first","19":"instock","20":"sale","21":"taxable","22":"shipping-taxable","23":"purchasable","24":"product-type-variable"},"yoast_head":"<!-- This site is optimized with the Yoast SEO Premium plugin v22.9 (Yoast SEO v23.3) - https:\/\/yoast.com\/wordpress\/plugins\/seo\/ -->\n<title>MINI UMBRELLA FOLDABLE GRAPHIC - Red Motors Shop<\/title>\n<meta name=\"robots\" content=\"index, follow, max-snippet:-1, max-image-preview:large, max-video-preview:-1\" \/>\n<link rel=\"canonical\" href=\"https:\/\/portalnetsites.com\/bmwEcommerceWP\/carrito\/ofertas-mini\/ofertas-temporada-mini\/mini-umbrella-foldable-graphic\/\" \/>\n<meta property=\"og:locale\" content=\"es_ES\" \/>\n<meta property=\"og:type\" content=\"article\" \/>\n<meta property=\"og:title\" content=\"MINI UMBRELLA FOLDABLE GRAPHIC\" \/>\n<meta property=\"og:description\" content=\"Las im\u00e1genes son con fines ilustrativos\" \/>\n<meta property=\"og:url\" content=\"https:\/\/portalnetsites.com\/bmwEcommerceWP\/carrito\/ofertas-mini\/ofertas-temporada-mini\/mini-umbrella-foldable-graphic\/\" \/>\n<meta property=\"og:site_name\" content=\"Red Motors Shop\" \/>\n<meta property=\"article:modified_time\" content=\"2024-08-28T15:18:11+00:00\" \/>\n<meta property=\"og:image\" content=\"https:\/\/portalnetsites.com\/bmwEcommerceWP\/wp-content\/uploads\/2023\/09\/7.png\" \/>\n\t<meta property=\"og:image:width\" content=\"600\" \/>\n\t<meta property=\"og:image:height\" content=\"600\" \/>\n\t<meta property=\"og:image:type\" content=\"image\/png\" \/>\n<meta name=\"twitter:card\" content=\"summary_large_image\" \/>\n<meta name=\"twitter:label1\" content=\"Est. reading time\" \/>\n\t<meta name=\"twitter:data1\" content=\"1 minuto\" \/>\n<script type=\"application\/ld+json\" class=\"yoast-schema-graph\">{\"@context\":\"https:\/\/schema.org\",\"@graph\":[{\"@type\":\"WebPage\",\"@id\":\"https:\/\/portalnetsites.com\/bmwEcommerceWP\/carrito\/ofertas-mini\/ofertas-temporada-mini\/mini-umbrella-foldable-graphic\/\",\"url\":\"https:\/\/portalnetsites.com\/bmwEcommerceWP\/carrito\/ofertas-mini\/ofertas-temporada-mini\/mini-umbrella-foldable-graphic\/\",\"name\":\"MINI UMBRELLA FOLDABLE GRAPHIC - Red Motors Shop\",\"isPartOf\":{\"@id\":\"https:\/\/portalnetsites.com\/bmwEcommerceWP\/#website\"},\"primaryImageOfPage\":{\"@id\":\"https:\/\/portalnetsites.com\/bmwEcommerceWP\/carrito\/ofertas-mini\/ofertas-temporada-mini\/mini-umbrella-foldable-graphic\/#primaryimage\"},\"image\":{\"@id\":\"https:\/\/portalnetsites.com\/bmwEcommerceWP\/carrito\/ofertas-mini\/ofertas-temporada-mini\/mini-umbrella-foldable-graphic\/#primaryimage\"},\"thumbnailUrl\":\"https:\/\/portalnetsites.com\/bmwEcommerceWP\/wp-content\/uploads\/2023\/09\/7.png\",\"datePublished\":\"2023-09-22T02:19:05+00:00\",\"dateModified\":\"2024-08-28T15:18:11+00:00\",\"breadcrumb\":{\"@id\":\"https:\/\/portalnetsites.com\/bmwEcommerceWP\/carrito\/ofertas-mini\/ofertas-temporada-mini\/mini-umbrella-foldable-graphic\/#breadcrumb\"},\"inLanguage\":\"es-CR\",\"potentialAction\":[{\"@type\":\"ReadAction\",\"target\":[\"https:\/\/portalnetsites.com\/bmwEcommerceWP\/carrito\/ofertas-mini\/ofertas-temporada-mini\/mini-umbrella-foldable-graphic\/\"]}]},{\"@type\":\"ImageObject\",\"inLanguage\":\"es-CR\",\"@id\":\"https:\/\/portalnetsites.com\/bmwEcommerceWP\/carrito\/ofertas-mini\/ofertas-temporada-mini\/mini-umbrella-foldable-graphic\/#primaryimage\",\"url\":\"https:\/\/portalnetsites.com\/bmwEcommerceWP\/wp-content\/uploads\/2023\/09\/7.png\",\"contentUrl\":\"https:\/\/portalnetsites.com\/bmwEcommerceWP\/wp-content\/uploads\/2023\/09\/7.png\",\"width\":600,\"height\":600},{\"@type\":\"BreadcrumbList\",\"@id\":\"https:\/\/portalnetsites.com\/bmwEcommerceWP\/carrito\/ofertas-mini\/ofertas-temporada-mini\/mini-umbrella-foldable-graphic\/#breadcrumb\",\"itemListElement\":[{\"@type\":\"ListItem\",\"position\":1,\"name\":\"Portada\",\"item\":\"https:\/\/portalnetsites.com\/bmwEcommerceWP\/\"},{\"@type\":\"ListItem\",\"position\":2,\"name\":\"Todos los Productos\",\"item\":\"https:\/\/portalnetsites.com\/bmwEcommerceWP\/todos-los-productos\/\"},{\"@type\":\"ListItem\",\"position\":3,\"name\":\"MINI UMBRELLA FOLDABLE GRAPHIC\"}]},{\"@type\":\"WebSite\",\"@id\":\"https:\/\/portalnetsites.com\/bmwEcommerceWP\/#website\",\"url\":\"https:\/\/portalnetsites.com\/bmwEcommerceWP\/\",\"name\":\"Shop Red Motors\",\"description\":\"Costa Rica\",\"publisher\":{\"@id\":\"https:\/\/portalnetsites.com\/bmwEcommerceWP\/#organization\"},\"potentialAction\":[{\"@type\":\"SearchAction\",\"target\":{\"@type\":\"EntryPoint\",\"urlTemplate\":\"https:\/\/portalnetsites.com\/bmwEcommerceWP\/?s={search_term_string}\"},\"query-input\":\"required name=search_term_string\"}],\"inLanguage\":\"es-CR\"},{\"@type\":\"Organization\",\"@id\":\"https:\/\/portalnetsites.com\/bmwEcommerceWP\/#organization\",\"name\":\"Red Motors\",\"url\":\"https:\/\/portalnetsites.com\/bmwEcommerceWP\/\",\"logo\":{\"@type\":\"ImageObject\",\"inLanguage\":\"es-CR\",\"@id\":\"https:\/\/portalnetsites.com\/bmwEcommerceWP\/#\/schema\/logo\/image\/\",\"url\":\"https:\/\/portalnetsites.com\/bmwEcommerceWP\/wp-content\/uploads\/2023\/09\/L-RedMotors.png\",\"contentUrl\":\"https:\/\/portalnetsites.com\/bmwEcommerceWP\/wp-content\/uploads\/2023\/09\/L-RedMotors.png\",\"width\":200,\"height\":48,\"caption\":\"Red Motors\"},\"image\":{\"@id\":\"https:\/\/portalnetsites.com\/bmwEcommerceWP\/#\/schema\/logo\/image\/\"}}]}<\/script>\n<!-- \/ Yoast SEO Premium plugin. -->","yoast_head_json":{"title":"MINI UMBRELLA FOLDABLE GRAPHIC - Red Motors Shop","robots":{"index":"index","follow":"follow","max-snippet":"max-snippet:-1","max-image-preview":"max-image-preview:large","max-video-preview":"max-video-preview:-1"},"canonical":"https:\/\/portalnetsites.com\/bmwEcommerceWP\/carrito\/ofertas-mini\/ofertas-temporada-mini\/mini-umbrella-foldable-graphic\/","og_locale":"es_ES","og_type":"article","og_title":"MINI UMBRELLA FOLDABLE GRAPHIC","og_description":"Las im\u00e1genes son con fines ilustrativos","og_url":"https:\/\/portalnetsites.com\/bmwEcommerceWP\/carrito\/ofertas-mini\/ofertas-temporada-mini\/mini-umbrella-foldable-graphic\/","og_site_name":"Red Motors Shop","article_modified_time":"2024-08-28T15:18:11+00:00","og_image":[{"width":600,"height":600,"url":"https:\/\/portalnetsites.com\/bmwEcommerceWP\/wp-content\/uploads\/2023\/09\/7.png","type":"image\/png"}],"twitter_card":"summary_large_image","twitter_misc":{"Est. reading time":"1 minuto"},"schema":{"@context":"https:\/\/schema.org","@graph":[{"@type":"WebPage","@id":"https:\/\/portalnetsites.com\/bmwEcommerceWP\/carrito\/ofertas-mini\/ofertas-temporada-mini\/mini-umbrella-foldable-graphic\/","url":"https:\/\/portalnetsites.com\/bmwEcommerceWP\/carrito\/ofertas-mini\/ofertas-temporada-mini\/mini-umbrella-foldable-graphic\/","name":"MINI UMBRELLA FOLDABLE GRAPHIC - Red Motors Shop","isPartOf":{"@id":"https:\/\/portalnetsites.com\/bmwEcommerceWP\/#website"},"primaryImageOfPage":{"@id":"https:\/\/portalnetsites.com\/bmwEcommerceWP\/carrito\/ofertas-mini\/ofertas-temporada-mini\/mini-umbrella-foldable-graphic\/#primaryimage"},"image":{"@id":"https:\/\/portalnetsites.com\/bmwEcommerceWP\/carrito\/ofertas-mini\/ofertas-temporada-mini\/mini-umbrella-foldable-graphic\/#primaryimage"},"thumbnailUrl":"https:\/\/portalnetsites.com\/bmwEcommerceWP\/wp-content\/uploads\/2023\/09\/7.png","datePublished":"2023-09-22T02:19:05+00:00","dateModified":"2024-08-28T15:18:11+00:00","breadcrumb":{"@id":"https:\/\/portalnetsites.com\/bmwEcommerceWP\/carrito\/ofertas-mini\/ofertas-temporada-mini\/mini-umbrella-foldable-graphic\/#breadcrumb"},"inLanguage":"es-CR","potentialAction":[{"@type":"ReadAction","target":["https:\/\/portalnetsites.com\/bmwEcommerceWP\/carrito\/ofertas-mini\/ofertas-temporada-mini\/mini-umbrella-foldable-graphic\/"]}]},{"@type":"ImageObject","inLanguage":"es-CR","@id":"https:\/\/portalnetsites.com\/bmwEcommerceWP\/carrito\/ofertas-mini\/ofertas-temporada-mini\/mini-umbrella-foldable-graphic\/#primaryimage","url":"https:\/\/portalnetsites.com\/bmwEcommerceWP\/wp-content\/uploads\/2023\/09\/7.png","contentUrl":"https:\/\/portalnetsites.com\/bmwEcommerceWP\/wp-content\/uploads\/2023\/09\/7.png","width":600,"height":600},{"@type":"BreadcrumbList","@id":"https:\/\/portalnetsites.com\/bmwEcommerceWP\/carrito\/ofertas-mini\/ofertas-temporada-mini\/mini-umbrella-foldable-graphic\/#breadcrumb","itemListElement":[{"@type":"ListItem","position":1,"name":"Portada","item":"https:\/\/portalnetsites.com\/bmwEcommerceWP\/"},{"@type":"ListItem","position":2,"name":"Todos los Productos","item":"https:\/\/portalnetsites.com\/bmwEcommerceWP\/todos-los-productos\/"},{"@type":"ListItem","position":3,"name":"MINI UMBRELLA FOLDABLE GRAPHIC"}]},{"@type":"WebSite","@id":"https:\/\/portalnetsites.com\/bmwEcommerceWP\/#website","url":"https:\/\/portalnetsites.com\/bmwEcommerceWP\/","name":"Shop Red Motors","description":"Costa Rica","publisher":{"@id":"https:\/\/portalnetsites.com\/bmwEcommerceWP\/#organization"},"potentialAction":[{"@type":"SearchAction","target":{"@type":"EntryPoint","urlTemplate":"https:\/\/portalnetsites.com\/bmwEcommerceWP\/?s={search_term_string}"},"query-input":"required name=search_term_string"}],"inLanguage":"es-CR"},{"@type":"Organization","@id":"https:\/\/portalnetsites.com\/bmwEcommerceWP\/#organization","name":"Red Motors","url":"https:\/\/portalnetsites.com\/bmwEcommerceWP\/","logo":{"@type":"ImageObject","inLanguage":"es-CR","@id":"https:\/\/portalnetsites.com\/bmwEcommerceWP\/#\/schema\/logo\/image\/","url":"https:\/\/portalnetsites.com\/bmwEcommerceWP\/wp-content\/uploads\/2023\/09\/L-RedMotors.png","contentUrl":"https:\/\/portalnetsites.com\/bmwEcommerceWP\/wp-content\/uploads\/2023\/09\/L-RedMotors.png","width":200,"height":48,"caption":"Red Motors"},"image":{"@id":"https:\/\/portalnetsites.com\/bmwEcommerceWP\/#\/schema\/logo\/image\/"}}]}},"_links":{"self":[{"href":"https:\/\/portalnetsites.com\/bmwEcommerceWP\/wp-json\/wp\/v2\/product\/32968","targetHints":{"allow":["GET"]}}],"collection":[{"href":"https:\/\/portalnetsites.com\/bmwEcommerceWP\/wp-json\/wp\/v2\/product"}],"about":[{"href":"https:\/\/portalnetsites.com\/bmwEcommerceWP\/wp-json\/wp\/v2\/types\/product"}],"replies":[{"embeddable":true,"href":"https:\/\/portalnetsites.com\/bmwEcommerceWP\/wp-json\/wp\/v2\/comments?post=32968"}],"wp:featuredmedia":[{"embeddable":true,"href":"https:\/\/portalnetsites.com\/bmwEcommerceWP\/wp-json\/wp\/v2\/media\/33025"}],"wp:attachment":[{"href":"https:\/\/portalnetsites.com\/bmwEcommerceWP\/wp-json\/wp\/v2\/media?parent=32968"}],"wp:term":[{"taxonomy":"product_brand","embeddable":true,"href":"https:\/\/portalnetsites.com\/bmwEcommerceWP\/wp-json\/wp\/v2\/product_brand?post=32968"},{"taxonomy":"product_cat","embeddable":true,"href":"https:\/\/portalnetsites.com\/bmwEcommerceWP\/wp-json\/wp\/v2\/product_cat?post=32968"},{"taxonomy":"product_tag","embeddable":true,"href":"https:\/\/portalnetsites.com\/bmwEcommerceWP\/wp-json\/wp\/v2\/product_tag?post=32968"}],"curies":[{"name":"wp","href":"https:\/\/api.w.org\/{rel}","templated":true}]}}